{"id":76,"date":"2017-06-05T13:17:19","date_gmt":"2017-06-05T15:17:19","guid":{"rendered":"http:\/\/palekas.lt\/?page_id=76"},"modified":"2025-07-01T14:50:52","modified_gmt":"2025-07-01T11:50:52","slug":"studija","status":"publish","type":"page","link":"http:\/\/palekas.lt\/en\/studio\/","title":{"rendered":"Studija"},"content":{"rendered":"<div class=\"wpb-content-wrapper\"><p>[vc_row][vc_column][vc_single_image image=&#8221;465&#8243; img_size=&#8221;full&#8221;][\/vc_column][\/vc_row][vc_row][vc_column][vc_column_text]studijos vadovas, architektas ROLANDAS PALEKAS<br \/>\npartner\u0117, architekt\u0117 ALMA PALEKIEN\u0116<br \/>\npartner\u0117, architekt\u0117 DALIA UOGINT\u0116<br \/>\narchitekt\u0117 UGN\u0116 MORK\u016aNAIT\u0116<br \/>\narchitektas MINDAUGAS KARANEVSKIS<br \/>\narchitekt\u0117 JUSTINA LENAUSKIEN\u0116<br \/>\narchitekt\u0117 AUDRON\u0116 PAKALNI\u0160KYT\u0116[\/vc_column_text][vc_empty_space height=&#8221;100&#8243;][\/vc_column][\/vc_row][vc_row][vc_column][vc_column_text]<\/p>\n<h4 style=\"text-align: left;\">A P D O V A N O J I M A I:<\/h4>\n<p>2022 &#8211; Mies van der Rohe apdovanojimas. Pasak\u0173 namai. Nominacija;<\/p>\n<p>2019 &#8211; Mies van der Rohe apdovanojimas. VU Botanikos sodo laboratorijos rekonstrukcija. Nominacija;<\/p>\n<p>2019 &#8211; Tarptautinis konkursas Tautos namai. 3 vieta;<\/p>\n<p>2017 &#8211; Tarptautinis konkursas M. K.. \u010ciurlionio koncert\u0173 centras, 1 vieta.<\/p>\n<p>2017 &#8211; Mies van der Rohe apdovanojimas. Gyvenamasis kvartalas \u201eRas\u0173 namai\u201c atrinktas \u012f 40-tuk\u0105.<\/p>\n<h5 style=\"text-align: left;\"><a href=\"http:\/\/palekas.lt\/apdovanojimai\/\">daugiau&#8230;<\/a><\/h5>\n<p>[\/vc_column_text][\/vc_column][vc_column][vc_empty_space height=&#8221;50&#8243;][\/vc_column][\/vc_row][vc_row][vc_column][vc_column_text]<\/p>\n<h4 style=\"text-align: left;\">P A R O D O S:<\/h4>\n<p>2022 &#8211; Rytai &#8211; Rytai 5 paroda &#8220;Receptas atsinaujinimui&#8221;. Gyvenamasis kvartalas \u201eRas\u0173 namai\u201c;<\/p>\n<p>2021 &#8211; &#8220;Housing 21&#8221; 4-oji tarptautin\u0117 \u0161iuolaikin\u0117s gyvenamosios arhitekt\u016bros paroda, Ni\u0161, Serbija. Gyvenamasis kvartalas &#8220;Pasak\u0173 namai&#8221;;<\/p>\n<p>2021 &#8211; &#8220;Reaktyvuojant miest\u0105&#8221; &#8211; Paupio vie\u0161osios erdv\u0117s, Vilnius. Kair\u0117n\u0173 botanikos sodo laboratorija, &#8220;Ras\u0173 namai&#8221;;<\/p>\n<p>2017 &#8211; Mies van der Rohe 40-ties geriausi\u0173 darb\u0173 paroda. Gyvenamasis kvartalas \u201eRas\u0173 namai\u201c;<\/p>\n<p>2016 &#8211; Tarptautiniai Centrin\u0117s-Ryt\u0173 Europos architekt\u016bros apdovanojimai. Gyvenamais kvartas \u201eRas\u0173 namai\u201c. ARCUB Gabroveni parod\u0173 sal\u0117,\u00a0 Bukare\u0161tas, Rumunija;<\/p>\n<p>2016 &#8211;\u00a0 &#8220;\u017dvilgsnis \u012f save 2015-2016&#8221;;<\/p>\n<p>2016 \u2013 Open House. Gyvenamais kvartas \u201eRas\u0173 namai\u201c,\u00a0 VU biblioteka, \u201eViktorija\u201c biur\u0173 pastatas, daugiabu\u010di\u0173 nam\u0173 kvartalas Basanavi\u010diaus g. 9A, Vilniuje;<\/p>\n<p>2015 \u2013 Open House. Gyvenamais kvartas \u201eRas\u0173 namai\u201c. ir VU biblioteka;<\/p>\n<h5 style=\"text-align: left;\"><a href=\"http:\/\/palekas.lt\/parodos\/\">daugiau&#8230;<\/a><\/h5>\n<p>[\/vc_column_text][vc_empty_space height=&#8221;50&#8243;][vc_column_text]<\/p>\n<h4>B U V \u0118\u00a0 K O M A N D O S\u00a0 N A R I A I:<\/h4>\n<p style=\"text-align: left;\"><a href=\"http:\/\/www.projektas-aikstele.lt\/mokyklos\/komandos\/projektavimo-komanda\/\">Adel\u0117 Dovydavi\u010di\u016bt\u0117<\/a>, <a href=\"http:\/\/www.natkevicius.lt\/lt\/biuras\/komanda\/\">Agn\u0117 Natkevi\u010di\u016bt\u0117<\/a>, <a href=\"http:\/\/ycl.lt\/studio\/\">Aidas Barzda<\/a>, <a href=\"http:\/\/www.arches.lt\/studija\/zmones\/akvile-brazauskaite\/\">Akvil\u0117 Brazauskait\u0117<\/a>, <a href=\"https:\/\/www.linkedin.com\/in\/akvile-rimantaite-b92806b\/\">Akvil\u0117 Rimantait\u0117<\/a>, <a href=\"http:\/\/www.doarchitects.lt\/team\/\">Andr\u0117 Baldi\u0161i\u016bt\u0117<\/a>, Andrius Ganusauskas, <a href=\"http:\/\/www.archdaily.com\/603673\/house-in-vilnius-d_style-vilnius\">Antanas Dominas<\/a>, <a href=\"http:\/\/www.doarchitects.lt\/team\/\">D\u017eiugas Karalius<\/a>, <a href=\"https:\/\/www.linkedin.com\/in\/gabrieleuba\/\">Gabriel\u0117 Ubarevi\u010di\u016bt\u0117<\/a>, <a href=\"http:\/\/www.doarchitects.lt\/team\/\">Gilma Gylyt\u0117<\/a>, Gintaras Gaidjurgis, Gintaras Mikalauskas, Ingrida Mendelson, Jekaterina Baly\u0161iuk, <a href=\"https:\/\/www.linkedin.com\/in\/joerg-preiss-4646a913\/\">Joerg Preiss<\/a>,<a href=\"http:\/\/palekas.lt\/projektai\/visuomeniniai\/mkic\/\"> Jurga Gar\u0161vait\u0117<\/a>, Lennart Zwijsen, <a href=\"http:\/\/palekas.lt\/projektai\/visuomeniniai\/mkic\/\">Lina Su\u017eiedelyt\u0117<\/a>, Marekas Mickevi\u010dius, <a href=\"http:\/\/palekas.lt\/projektai\/visuomeniniai\/mkic\/\">Matas \u0160iup\u0161inskas<\/a>, Milda Jusait\u0117, Mindaugas Butvila, <a href=\"https:\/\/www.linkedin.com\/in\/mindaugas-leliuga-a4223634\/\">Mindaugas Leli\u016bga<\/a>, <a href=\"https:\/\/www.linkedin.com\/in\/mpetrosius\/\">Mindaugas Petro\u0161ius<\/a>, Mindaugas Stani\u016bnas, <a href=\"http:\/\/www.wall.lt\/team\">Monika Zemlickait\u0117<\/a>, <a href=\"http:\/\/ail.lt\/\">Petras I\u0161ora<\/a>, Rapolas B\u0117\u010dius, <a href=\"http:\/\/jasaite.eu\/\">Rasa Jasait\u0117<\/a>, <a href=\"http:\/\/www.doarchitects.lt\/team\/\">Sabina Grincevi\u010di\u016bt\u0117<\/a>, <a href=\"http:\/\/www.processoffice.lt\/index.php\/main\/process\/53\">Sandra \u0160lepikait\u0117<\/a>, Tadas Jonauskas, <a href=\"https:\/\/issuu.com\/viliuslinge\">Vilius Ling\u0117<\/a>, <a href=\"https:\/\/www.behance.net\/Vilmantas_Bavarskis\">Vilmantas Bavarskis<\/a>, <a href=\"http:\/\/www.if.vu.lt\/studijos\/doktoranturos-studijos\/fakulteto-doktorantai\/463-2013-m-vilte-janusauskaite\">Vilt\u0117 Janu\u0161auskait\u0117<\/a>, <a href=\"https:\/\/www.linkedin.com\/in\/vilte-kunceviciute-b5688a7\/\">Vilt\u0117 Kuncevi\u010di\u016bt\u0117<\/a>, Vytas Silevi\u010dius, <a href=\"https:\/\/www.behance.net\/aisterakauskaite\">Aist\u0117 Rakauskait\u0117,<\/a> <a href=\"https:\/\/www.linkedin.com\/in\/rokas-stasiulis-68799015b\/\">Rokas Stasiulis<\/a>, <a href=\"https:\/\/www.linkedin.com\/in\/radvil%C4%97-samackait%C4%97-79996b67\/\">Radvil\u0117 Samackait\u0117<\/a>, <a href=\"https:\/\/www.behance.net\/arturas_certovas\/appreciated\">Art\u016bras \u010certovas<\/a>, <a href=\"https:\/\/www.linkedin.com\/in\/karolina-burbait%C4%97-b95209117\/\">Karolina Burbait\u0117<\/a>, Valdemar Pavlovski, Aust\u0117ja Pauliukevi\u010di\u016bt\u0117, Aust\u0117ja Bal\u010di\u016bnait\u0117, Bartas Puzonas, Kateryna Stupnyk, Gabrielius \u010cerniauskas, Veronika Ivanova, Evita Lodait\u0117.<\/p>\n<p>[\/vc_column_text][\/vc_column][\/vc_row]<\/p>\n<\/div>","protected":false},"excerpt":{"rendered":"<p>[vc_row][vc_column][vc_single_image image=&#8221;465&#8243; img_size=&#8221;full&#8221;][\/vc_column][\/vc_row][vc_row][vc_column][vc_column_text]studijos vadovas, architektas ROLANDAS PALEKAS partner\u0117, architekt\u0117 ALMA PALEKIEN\u0116 partner\u0117, architekt\u0117 DALIA UOGINT\u0116 architekt\u0117 UGN\u0116 MORK\u016aNAIT\u0116 architektas MINDAUGAS KARANEVSKIS architekt\u0117 JUSTINA LENAUSKIEN\u0116 architekt\u0117 AUDRON\u0116 PAKALNI\u0160KYT\u0116[\/vc_column_text][vc_empty_space height=&#8221;100&#8243;][\/vc_column][\/vc_row][vc_row][vc_column][vc_column_text] A P D O V A N O J I M A I: 2022 &#8211; Mies van der Rohe apdovanojimas. Pasak\u0173 namai. Nominacija; 2019 &#8211; Mies van [&hellip;]<\/p>\n","protected":false},"author":1,"featured_media":0,"parent":0,"menu_order":49,"comment_status":"closed","ping_status":"closed","template":"","meta":{"_acf_changed":false,"footnotes":""},"class_list":["post-76","page","type-page","status-publish","hentry"],"translation":{"provider":"WPGlobus","version":"3.0.2","language":"en","enabled_languages":["lt","en"],"languages":{"lt":{"title":true,"content":true,"excerpt":false},"en":{"title":false,"content":false,"excerpt":false}}},"acf":[],"aioseo_notices":[],"_links":{"self":[{"href":"http:\/\/palekas.lt\/en\/wp-json\/wp\/v2\/pages\/76","targetHints":{"allow":["GET"]}}],"collection":[{"href":"http:\/\/palekas.lt\/en\/wp-json\/wp\/v2\/pages"}],"about":[{"href":"http:\/\/palekas.lt\/en\/wp-json\/wp\/v2\/types\/page"}],"author":[{"embeddable":true,"href":"http:\/\/palekas.lt\/en\/wp-json\/wp\/v2\/users\/1"}],"replies":[{"embeddable":true,"href":"http:\/\/palekas.lt\/en\/wp-json\/wp\/v2\/comments?post=76"}],"version-history":[{"count":75,"href":"http:\/\/palekas.lt\/en\/wp-json\/wp\/v2\/pages\/76\/revisions"}],"predecessor-version":[{"id":4482,"href":"http:\/\/palekas.lt\/en\/wp-json\/wp\/v2\/pages\/76\/revisions\/4482"}],"wp:attachment":[{"href":"http:\/\/palekas.lt\/en\/wp-json\/wp\/v2\/media?parent=76"}],"curies":[{"name":"wp","href":"https:\/\/api.w.org\/{rel}","templated":true}]}}